{"version":"1.0","provider_name":"Varr\u00e1s receptek","provider_url":"https:\/\/varrasreceptek.cafeblog.hu","author_name":"Szilvia \u00e9s Anita","author_url":"https:\/\/varrasreceptek.cafeblog.hu\/author\/szilvia-es-anita\/","title":"Varrjunk trendi t\u00e1sk\u00e1t farmerb\u0151l!","html":"<span style=\"color: #800000\">Im\u00e1djuk a t\u00e1sk\u00e1kat! A farmert\u00e1ska varr\u00e1s egy\u00e9bk\u00e9nt az, amivel tal\u00e1n m\u00e9g azok is megpr\u00f3b\u00e1lkoznak akik -egy\u00e9bk\u00e9nt - nemigaz\u00e1n tudnak varrni. A legegyszer\u0171bb m\u00f3dja ennek az, ha lev\u00e1gjuk a farmert sz\u00e1rait -mintha csak sortot szeretn\u00e9nk kapni -majd pedig a der\u00e9kr\u00e9szbe cipz\u00e1rt varrunk, az alj\u00e1t levarrjuk, a nadr\u00e1g hossz\u00e1b\u00f3l pedig v\u00e1llp\u00e1ntot kanyar\u00edtunk. Ha viszont tudunk varrni, \u00e9rdemes picit \"komolyabb\" t\u00e1sk\u00e1t k\u00e9sz\u00edteni a farmerb\u0151l. Csak beledob\u00e1ljuk a dolgainkat, \u00e9s m\u00e1r futhatunk is a dolgunkra. Na de mit sz\u00f3lsz ehhez?<\/span>\r\n<p style=\"text-align: center\"><a href=\"https:\/\/varrasreceptek.cafeblog.hu\/files\/2012\/11\/timi148.jpg\"><img class=\"aligncenter  wp-image-241\" src=\"https:\/\/varrasreceptek.cafeblog.hu\/files\/2012\/11\/timi148-600x450.jpg\" alt=\"\" width=\"480\" height=\"360\" \/><\/a><\/p>\r\n<p style=\"text-align: center\"><a href=\"https:\/\/varrasreceptek.cafeblog.hu\/files\/2012\/11\/timi147.jpg\"><img class=\"aligncenter  wp-image-240\" src=\"https:\/\/varrasreceptek.cafeblog.hu\/files\/2012\/11\/timi147-600x450.jpg\" alt=\"\" width=\"480\" height=\"360\" \/><\/a><\/p>\r\nHozz\u00e1val\u00f3k: farmer, vasalhat\u00f3 matrica, csill\u00e1mragaszt\u00f3, b\u00e9l\u00e9s anyag, cipz\u00e1r: 60cm-es \u00e9s 18cm-es, ferdep\u00e1nt\r\n\r\nN\u00e9zz\u00fck a t\u00e1ska szab\u00e1smint\u00e1j\u00e1t \u00e9s szabjuk is ki az alkatr\u00e9szeket!\r\n\r\n<a href=\"https:\/\/varrasreceptek.cafeblog.hu\/files\/2012\/11\/Csill\u00e1mos-t\u00e1ska-szab\u00e1sminta.jpg\"><img class=\"aligncenter size-large wp-image-243\" src=\"https:\/\/varrasreceptek.cafeblog.hu\/files\/2012\/11\/Csill\u00e1mos-t\u00e1ska-szab\u00e1sminta-600x393.jpg\" alt=\"\" width=\"600\" height=\"393\" \/><\/a>\r\n\r\nEzen k\u00edv\u00fcl kiszabunk m\u00e9g 2db 20cm*6cm sz\u00e9les zsebal\u00e1t\u00e9tet (lehet farmerb\u00f3l)\r\n\r\nA t\u00e1ska elej\u00e9re \u00e9s h\u00e1tlapj\u00e1ra tetsz\u0151leges elrendez\u00e9sben felvasaljuk a mint\u00e1inkat, illetve a csill\u00e1mragaszt\u00f3val sablonon kereszt\u00fcl felvissz\u00fck a tetsz\u0151leges mint\u00e1t. (A csill\u00e1mragaszt\u00f3t hagyjuk 2 \u00f3r\u00e1t sz\u00e1radni, ezut\u00e1n folytatjuk a varr\u00e1st.)\r\n\r\n<a href=\"https:\/\/varrasreceptek.cafeblog.hu\/files\/2012\/11\/timi43.jpg\"><img class=\"aligncenter size-large wp-image-212\" src=\"https:\/\/varrasreceptek.cafeblog.hu\/files\/2012\/11\/timi43-600x450.jpg\" alt=\"\" width=\"600\" height=\"450\" \/><\/a>\r\nH\u00e1ts\u00f3 zseb k\u00e9sz\u00edt\u00e9se:\r\nA t\u00e1ska h\u00e1tlapj\u00e1ra ker\u00fcl majd a zseb, \u00edgy h\u00e1t erre a h\u00e1tlapra a cipz\u00e1rnak megfelel\u0151 hossz\u00fas\u00e1g\u00fa vonalat h\u00fazunk. Majd vessz\u00fck a cipz\u00e1r al\u00e1t\u00e9tet, aminek a fon\u00e1k oldal\u00e1nak a k\u00f6zep\u00e9re megrajzoljuk szint\u00e9n ezt a vonalat. Majd pedig a vonalt\u00f3l mindk\u00e9t oldalra 0,5cm-re h\u00fazunk m\u00e9g k\u00e9t jel\u00f6l\u00e9st. \u00cdgy egy t\u00e9glalapunk lesz, aminek a k\u00e9t v\u00e9g\u00e9re \u201e\u00e9k\u201d alakot jel\u00f6l\u00fcnk.\r\nAz al\u00e1t\u00e9tet sz\u00ednnel helyezz\u00fck r\u00e1 a h\u00e1tlapon bejel\u00f6lt vonalra, majd k\u00f6rbeg\u00e9pelj\u00fck. Ezut\u00e1n \u00e9k alakban felv\u00e1gjuk, vigy\u00e1zva ne hogy a varratot bev\u00e1gjuk.\r\n\r\n<a href=\"https:\/\/varrasreceptek.cafeblog.hu\/files\/2012\/11\/timi64.jpg\"><img class=\"aligncenter size-large wp-image-217\" src=\"https:\/\/varrasreceptek.cafeblog.hu\/files\/2012\/11\/timi64-600x450.jpg\" alt=\"\" width=\"600\" height=\"450\" \/><\/a>\r\nA felv\u00e1g\u00e1s ut\u00e1n \u00e1tford\u00edtjuk a fon\u00e1k oldalra az al\u00e1t\u00e9tet.\r\n\r\n<a href=\"https:\/\/varrasreceptek.cafeblog.hu\/files\/2012\/11\/timi65.jpg\"><img class=\"aligncenter size-large wp-image-218\" src=\"https:\/\/varrasreceptek.cafeblog.hu\/files\/2012\/11\/timi65-600x450.jpg\" alt=\"\" width=\"600\" height=\"450\" \/><\/a>\r\nFon\u00e1k oldal fel\u0151l al\u00e1rakjuk a cipz\u00e1rt \u00e9s k\u00f6rben r\u00e1t\u0171zz\u00fck (talpnyira) a ny\u00edl\u00e1sba. Ezut\u00e1n a fon\u00e1k oldalon a fels\u0151 zseblapot r\u00e1varrjuk a szeg\u0151 fels\u0151 sz\u00e9l\u00e9re sz\u00ednt sz\u00ednnel.\r\n\r\nMajd a zseblap egyik v\u00e9g\u00e9t a szeg\u0151nk als\u00f3 sz\u00e9l\u00e9hez varrjuk 1cm-re. A m\u00e1sik v\u00e9g\u00e9t pedig a felvarrt fels\u0151 zseblap szabad oldal\u00e1hoz, ezut\u00e1n levarrjuk oldalt a zseblapot 1cm-es varr\u00e1ssal. Ezzel elk\u00e9sz\u00fclt a zseb.\r\n\r\n<a href=\"https:\/\/varrasreceptek.cafeblog.hu\/files\/2012\/11\/timi69.jpg\"><img class=\"aligncenter size-large wp-image-219\" src=\"https:\/\/varrasreceptek.cafeblog.hu\/files\/2012\/11\/timi69-600x450.jpg\" alt=\"\" width=\"600\" height=\"450\" \/><\/a>\r\nBevarrjuk a cipz\u00e1rt a k\u00e9t p\u00e1nt k\u00f6z\u00e9, sz\u00ednnel szemben, mind k\u00e9t oldalon. Ezut\u00e1n millisen let\u0171zz\u00fck a varr\u00e1st.\r\n\r\n<a href=\"https:\/\/varrasreceptek.cafeblog.hu\/files\/2012\/11\/timi70.jpg\"><img class=\"aligncenter size-large wp-image-220\" src=\"https:\/\/varrasreceptek.cafeblog.hu\/files\/2012\/11\/timi70-600x450.jpg\" alt=\"\" width=\"600\" height=\"450\" \/><\/a>\r\nK\u00f6vetkez\u0151 feladat az oldalp\u00e1nt \u00e9s a cipz\u00e1r p\u00e1nt \u00f6sszevarr\u00e1sa.\r\n\r\n<a href=\"https:\/\/varrasreceptek.cafeblog.hu\/files\/2012\/11\/timi71.jpg\"><img class=\"aligncenter size-large wp-image-221\" src=\"https:\/\/varrasreceptek.cafeblog.hu\/files\/2012\/11\/timi71-600x450.jpg\" alt=\"\" width=\"600\" height=\"450\" \/><\/a>\r\nSz\u00ednnel \u00f6sszeford\u00edtjuk \u0151ket, 1cm-re \u00f6sszevarrjuk mind a k\u00e9t v\u00e9g\u00e9t. Az egyik oldaln\u00e1l kulcstart\u00f3s karik\u00e1t egy kis p\u00e1nton is befogathatunk. (Persze ez el is maradhat)\r\n\r\n<a href=\"https:\/\/varrasreceptek.cafeblog.hu\/files\/2012\/11\/timi73.jpg\"><img class=\"aligncenter size-large wp-image-223\" src=\"https:\/\/varrasreceptek.cafeblog.hu\/files\/2012\/11\/timi73-600x450.jpg\" alt=\"\" width=\"600\" height=\"450\" \/><\/a>\r\nTalpnyira let\u0171zz\u00fck a k\u00e9t varr\u00e1st\r\n\r\n<a href=\"https:\/\/varrasreceptek.cafeblog.hu\/files\/2012\/11\/timi74.jpg\"><img class=\"aligncenter size-large wp-image-224\" src=\"https:\/\/varrasreceptek.cafeblog.hu\/files\/2012\/11\/timi74-600x450.jpg\" alt=\"\" width=\"600\" height=\"450\" \/><\/a>\r\nK\u00f6vetkezik az oldalak bevarr\u00e1sa. Mivel pedig ferdep\u00e1nttal lesz eldolgozva, a fon\u00e1kot a fon\u00e1kkal ford\u00edtjuk \u00f6ssze.\r\n\r\n<a href=\"https:\/\/varrasreceptek.cafeblog.hu\/files\/2012\/11\/timi75.jpg\"><img class=\"aligncenter size-large wp-image-225\" src=\"https:\/\/varrasreceptek.cafeblog.hu\/files\/2012\/11\/timi75-600x450.jpg\" alt=\"\" width=\"600\" height=\"450\" \/><\/a>\r\n\r\n<a href=\"https:\/\/varrasreceptek.cafeblog.hu\/files\/2012\/11\/timi76.jpg\"><img class=\"aligncenter size-large wp-image-226\" src=\"https:\/\/varrasreceptek.cafeblog.hu\/files\/2012\/11\/timi76-600x450.jpg\" alt=\"\" width=\"600\" height=\"450\" \/><\/a>A t\u00e1ska alj\u00e1n\u00e1l (a sarkokn\u00e1l) sarkosan forduljunk majd a varr\u00e1ssal.\r\nMiut\u00e1n k\u00f6rben belevarrtuk mindk\u00e9t oldalt, k\u00f6vetkezik a ferdep\u00e1ntoz\u00e1s, ezzel szegj\u00fck el a t\u00e1ska oldalait.\r\n\r\n<a href=\"https:\/\/varrasreceptek.cafeblog.hu\/files\/2012\/11\/timi80.jpg\"><img class=\"aligncenter size-large wp-image-230\" src=\"https:\/\/varrasreceptek.cafeblog.hu\/files\/2012\/11\/timi80-600x450.jpg\" alt=\"\" width=\"600\" height=\"450\" \/><\/a>\r\nV\u00e9g\u00fcl varrjuk \u00f6ssze a p\u00e1ntokat.(Sz\u00e9less\u00e9g\u00fck 4cm, hosszuk sz\u00fcks\u00e9g szerinti, a p\u00e1ntok 75 fokos sz\u00f6gben v\u00e1gottak)\r\n\r\n<a href=\"https:\/\/varrasreceptek.cafeblog.hu\/files\/2012\/11\/timi81.jpg\"><img class=\"aligncenter size-large wp-image-231\" src=\"https:\/\/varrasreceptek.cafeblog.hu\/files\/2012\/11\/timi81-600x450.jpg\" alt=\"\" width=\"600\" height=\"450\" \/><\/a>\r\nA t\u00e1ska el\u0151lapja fel\u0151l varrjuk fel a p\u00e1ntokat \u00e9s az oldalp\u00e1ntra hajtjuk vissza.\r\n\r\n<a href=\"https:\/\/varrasreceptek.cafeblog.hu\/files\/2012\/11\/timi84.jpg\"><img class=\"aligncenter size-large wp-image-233\" src=\"https:\/\/varrasreceptek.cafeblog.hu\/files\/2012\/11\/timi84-600x450.jpg\" alt=\"\" width=\"600\" height=\"450\" \/><\/a>\r\n\r\n<a href=\"https:\/\/varrasreceptek.cafeblog.hu\/files\/2012\/11\/timi85.jpg\"><img class=\"aligncenter size-large wp-image-234\" src=\"https:\/\/varrasreceptek.cafeblog.hu\/files\/2012\/11\/timi85-600x450.jpg\" alt=\"\" width=\"600\" height=\"450\" \/><\/a>\r\nK\u00e9sz\u00edts\u00fck el a v\u00e1llp\u00e1ntokat, mindk\u00e9t v\u00e9g\u00e9n visszahajtjuk.\r\n\r\n<a href=\"https:\/\/varrasreceptek.cafeblog.hu\/files\/2012\/11\/timi87.jpg\"><img class=\"aligncenter size-large wp-image-235\" src=\"https:\/\/varrasreceptek.cafeblog.hu\/files\/2012\/11\/timi87-e1353423902548-450x600.jpg\" alt=\"\" width=\"450\" height=\"600\" \/><\/a>\r\nMajd pedig a t\u00e1ska el\u0151- \u00e9s h\u00e1tlapj\u00e1ra felr\u00f6gz\u00edtj\u00fck, majd felvarrjuk.\r\n\r\n<a href=\"https:\/\/varrasreceptek.cafeblog.hu\/files\/2012\/11\/timi88.jpg\"><img class=\"aligncenter size-large wp-image-236\" src=\"https:\/\/varrasreceptek.cafeblog.hu\/files\/2012\/11\/timi88-600x450.jpg\" alt=\"\" width=\"600\" height=\"450\" \/><\/a>\r\n\r\n<a href=\"https:\/\/varrasreceptek.cafeblog.hu\/files\/2012\/11\/timi93.jpg\"><img class=\"aligncenter size-large wp-image-237\" src=\"https:\/\/varrasreceptek.cafeblog.hu\/files\/2012\/11\/timi93-600x450.jpg\" alt=\"\" width=\"600\" height=\"450\" \/><\/a>\r\nB\u00e9lel\u00e9s k\u00f6vetkezik: A b\u00e9l\u00e9sb\u0151l kiszabott alkatr\u00e9szeket \u00f6ssze\u00e1ll\u00edtjuk (megegyezik a t\u00e1ska \u00f6ssze\u00e1ll\u00edt\u00e1s\u00e1val). Az alj\u00e1n hagyjunk ny\u00edl\u00e1st a kiford\u00edt\u00e1s v\u00e9gett.\r\nA t\u00e1ska sz\u00ednoldal\u00e1t ford\u00edtjuk a b\u00e9l\u00e9s sz\u00ednoldal\u00e1val \u00f6ssze. A felvarr\u00e1si vonal a cipz\u00e1r felvarr\u00e1si vonal\u00e1val megegyezik. \u00cdgy szegj\u00fck el a varr\u00e1ssz\u00e9lt a cipz\u00e1rn\u00e1l.\r\n\r\n<a href=\"https:\/\/varrasreceptek.cafeblog.hu\/files\/2012\/11\/timi94.jpg\"><img class=\"aligncenter size-large wp-image-238\" src=\"https:\/\/varrasreceptek.cafeblog.hu\/files\/2012\/11\/timi94-600x450.jpg\" alt=\"\" width=\"600\" height=\"450\" \/><\/a>\r\nMajd pedig t\u0171z\u00e9ssel lefogatjuk a varr\u00e1ssz\u00e9less\u00e9get a cipz\u00e1rn\u00e1l. V\u00e9g\u00fcl pedig bevarrjuk a b\u00e9l\u00e9sen a ny\u00edl\u00e1st.\r\n\r\nEzzel k\u00e9sz is vagyunk, \u00e9s m\u00e1r birtokba is vehetj\u00fck az \u00faj t\u00e1sk\u00e1nkat!\r\n\r\n&nbsp;","type":"rich"}